{"id":4243,"date":"2022-07-15T13:48:14","date_gmt":"2022-07-15T11:48:14","guid":{"rendered":"https:\/\/rosasolapsicologia.com\/estimulacio-cognitiva\/"},"modified":"2023-02-16T13:52:19","modified_gmt":"2023-02-16T11:52:19","slug":"estimulacio-cognitiva","status":"publish","type":"page","link":"https:\/\/rosasolapsicologia.com\/ca\/estimulacio-cognitiva\/","title":{"rendered":"Estimulaci\u00f3 cognitiva"},"content":{"rendered":"<div id='av_section_1'  class='avia-section av-29ic0an-4bc2dc0b0ba6da0993b25a3361de21f7 main_color avia-section-default avia-no-border-styling  avia-builder-el-0  el_before_av_section  avia-builder-el-first  avia-bg-style-scroll container_wrap fullsize'  ><div class='container av-section-cont-open' ><main  role=\"main\" itemprop=\"mainContentOfPage\"  class='template-page content  av-content-full alpha units'><div class='post-entry post-entry-type-page post-entry-4243'><div class='entry-content-wrapper clearfix'>\n<div  class='flex_column av-26v4ky7-94b35a148e11df508775906317c34d7e av_one_full  avia-builder-el-1  el_before_av_hr  avia-builder-el-first  first flex_column_div av-animated-generic top-to-bottom  '     ><style type=\"text\/css\" data-created_by=\"avia_inline_auto\" id=\"style-css-av-l5w9vh1d-a586fb36c0ac81b2d520b686c38a94c5\">\n#top .av-special-heading.av-l5w9vh1d-a586fb36c0ac81b2d520b686c38a94c5{\npadding-bottom:10px;\n}\nbody .av-special-heading.av-l5w9vh1d-a586fb36c0ac81b2d520b686c38a94c5 .av-special-heading-tag .heading-char{\nfont-size:25px;\n}\n.av-special-heading.av-l5w9vh1d-a586fb36c0ac81b2d520b686c38a94c5 .av-subheading{\nfont-size:15px;\n}\n<\/style>\n<div  class='av-special-heading av-l5w9vh1d-a586fb36c0ac81b2d520b686c38a94c5 av-special-heading-h1  avia-builder-el-2  avia-builder-el-no-sibling '><h1 class='av-special-heading-tag'  itemprop=\"headline\"  >Estimulaci\u00f3 cognitiva<\/h1><div class=\"special-heading-border\"><div class=\"special-heading-inner-border\"><\/div><\/div><\/div><\/div>\n<style type=\"text\/css\" data-created_by=\"avia_inline_auto\" id=\"style-css-av-21gbof-69d5f08330778c648ba0b2b277bb858e\">\n#top .hr.hr-invisible.av-21gbof-69d5f08330778c648ba0b2b277bb858e{\nheight:40px;\n}\n<\/style>\n<div  class='hr av-21gbof-69d5f08330778c648ba0b2b277bb858e hr-invisible  avia-builder-el-3  el_after_av_one_full  el_before_av_one_full '><span class='hr-inner '><span class=\"hr-inner-style\"><\/span><\/span><\/div>\n<div  class='flex_column av-cvolb-d4284d063840301e03aff3fc27a4264a av_one_full  avia-builder-el-4  el_after_av_hr  el_before_av_hr  first flex_column_div av-animated-generic top-to-bottom  '     ><section  class='av_textblock_section av-2oonpb-6f10dda03d11bc4b89c365e5380708eb '   itemscope=\"itemscope\" itemtype=\"https:\/\/schema.org\/CreativeWork\" ><div class='avia_textblock'  itemprop=\"text\" ><h3>Autonomia per a persones grans a trav\u00e9s de psicoestimulaci\u00f3.<\/h3>\n<h3>Perqu\u00e8 ser major no significa ser incapa\u00e7.<\/h3>\n<\/div><\/section><\/div>\n<style type=\"text\/css\" data-created_by=\"avia_inline_auto\" id=\"style-css-av-28pypbj-5e6effe47831f25666f3c6b615299a33\">\n#top .hr.hr-invisible.av-28pypbj-5e6effe47831f25666f3c6b615299a33{\nheight:40px;\n}\n<\/style>\n<div  class='hr av-28pypbj-5e6effe47831f25666f3c6b615299a33 hr-invisible  avia-builder-el-6  el_after_av_one_full  el_before_av_three_fifth '><span class='hr-inner '><span class=\"hr-inner-style\"><\/span><\/span><\/div>\n<div  class='flex_column av-l5thb73j-be19d0cc165eae0ec5c3969e978f59dd av_three_fifth  avia-builder-el-7  el_after_av_hr  el_before_av_two_fifth  first flex_column_div av-animated-generic left-to-right  '     ><section  class='av_textblock_section av-9s0j3-c475e27385ccf6bab48b87b10e2ef3f0 '   itemscope=\"itemscope\" itemtype=\"https:\/\/schema.org\/CreativeWork\" ><div class='avia_textblock'  itemprop=\"text\" ><p><strong>Una situaci\u00f3 de depend\u00e8ncia<\/strong> pot iniciar-se de manera inesperada o ser previsible.<\/p>\n<p>El diagn\u00f2stic d&#8217;una dem\u00e8ncia, sofrir un infart cerebral, l&#8217;evoluci\u00f3 de malalties degeneratives com el Parkinson o qualsevol altre cop en la salut que afecti la percepci\u00f3, la mem\u00f2ria, el llenguatge o l&#8217;atenci\u00f3 <strong>limita la vida de la persona afectada i dels seus familiars o cuidadors.<\/strong><\/p>\n<p>Tamb\u00e9 produeix un <strong>sofriment psicol\u00f2gic i emocional.<\/strong><\/p>\n<\/div><\/section><\/div><div  class='flex_column av-24phvdr-fc48af6ab8cb3c5ecb65db8beb19e7e1 av_two_fifth  avia-builder-el-9  el_after_av_three_fifth  el_before_av_one_full  flex_column_div av-animated-generic right-to-left  '     ><style type=\"text\/css\" data-created_by=\"avia_inline_auto\" id=\"style-css-av-l5me39ba-882ba91420ad2d38de72b5b5b41a5c43\">\n.avia-image-container.av-l5me39ba-882ba91420ad2d38de72b5b5b41a5c43 img.avia_image{\nbox-shadow:none;\n}\n.avia-image-container.av-l5me39ba-882ba91420ad2d38de72b5b5b41a5c43 .av-image-caption-overlay-center{\ncolor:#ffffff;\n}\n<\/style>\n<div  class='avia-image-container av-l5me39ba-882ba91420ad2d38de72b5b5b41a5c43 av-styling- avia-align-left  avia-builder-el-10  avia-builder-el-no-sibling '   itemprop=\"image\" itemscope=\"itemscope\" itemtype=\"https:\/\/schema.org\/ImageObject\" ><div class=\"avia-image-container-inner\"><div class=\"avia-image-overlay-wrap\"><img decoding=\"async\" fetchpriority=\"high\" class='wp-image-4034 avia-img-lazy-loading-not-4034 avia_image ' src=\"https:\/\/rosasolapsicologia.com\/wp-content\/uploads\/2022\/07\/i-dCM9S9T-XL.jpg\" alt='Estimulaci\u00f3 cognitiva' title='Psicologia a Menorca \u2013 Psicologia en l\u00ednea'  height=\"683\" width=\"1024\"  itemprop=\"thumbnailUrl\" srcset=\"https:\/\/rosasolapsicologia.com\/wp-content\/uploads\/2022\/07\/i-dCM9S9T-XL.jpg 1024w, https:\/\/rosasolapsicologia.com\/wp-content\/uploads\/2022\/07\/i-dCM9S9T-XL-300x200.jpg 300w, https:\/\/rosasolapsicologia.com\/wp-content\/uploads\/2022\/07\/i-dCM9S9T-XL-768x512.jpg 768w, https:\/\/rosasolapsicologia.com\/wp-content\/uploads\/2022\/07\/i-dCM9S9T-XL-705x470.jpg 705w\" sizes=\"(max-width: 1024px) 100vw, 1024px\" \/><\/div><\/div><\/div><\/div><div  class='flex_column av-l5thc1kn-0d98186521cbf1ba0247cdb86b229571 av_one_full  avia-builder-el-11  el_after_av_two_fifth  avia-builder-el-last  first flex_column_div av-animated-generic bottom-to-top  '     ><section  class='av_textblock_section av-l5me5e18-e6376519c090868f31e4269411deac65 '   itemscope=\"itemscope\" itemtype=\"https:\/\/schema.org\/CreativeWork\" ><div class='avia_textblock'  itemprop=\"text\" ><p>Cuides un familiar major que cada vegada \u00e9s m\u00e9s dependent? T&#8217;han detectat una malaltia neurodegenerativa?<\/p>\n<ul>\n<li>\u00c9s probable que no s\u00e0pigues <strong>com actuar<\/strong> ni <strong>per on comen\u00e7ar.<\/strong><\/li>\n<li><strong>Improvises o acceptes recomanacions<\/strong> (no sempre encertades) d&#8217;amics o coneguts que han passat o passen per una situaci\u00f3 similar a la teva.<\/li>\n<li><strong>La teva casa i el carrer de sobte s&#8217;han convertit en entorns poc segurs;<\/strong> no estan preparats per a les dificultats i reptes associats amb la disminuci\u00f3 de les capacitats f\u00edsiques i mentals.<\/li>\n<\/ul>\n<\/div><\/section><\/div><\/div><\/div><\/main><!-- close content main element --><\/div><\/div><div id='av_section_2'  class='avia-section av-av_section-e72984d7d38aa3d67d084c0697520518 main_color avia-section-default avia-no-border-styling  avia-builder-el-13  el_after_av_section  el_before_av_section  avia-bg-style-scroll container_wrap fullsize'  ><div class='container av-section-cont-open' ><div class='template-page content  av-content-full alpha units'><div class='post-entry post-entry-type-page post-entry-4243'><div class='entry-content-wrapper clearfix'>\n<div  class='flex_column av-av_three_fifth-63610c4c8e112c7c8cd3de46877a88ec av_three_fifth  avia-builder-el-14  el_before_av_two_fifth  avia-builder-el-first  first flex_column_div av-animated-generic left-to-right  '     ><section  class='av_textblock_section av-av_textblock-e878f05c31dff72941bf1e49a00d9ff5 '   itemscope=\"itemscope\" itemtype=\"https:\/\/schema.org\/CreativeWork\" ><div class='avia_textblock'  itemprop=\"text\" ><p>I a totes aquestes dificultats potser se sumen <strong>problemes de conducta generats per la mateixa malaltia<\/strong> (irritabilitat, desinhibici\u00f3, tristesa, apatia\u2026).<\/p>\n<p><strong>La teva vida personal ja no \u00e9s la que era<\/strong><\/p>\n<p>i en la fam\u00edlia <strong>tothom opina:<\/strong> Fem torns per cuidar? Contractem alg\u00fa perqu\u00e8 ens doni una m\u00e0? Anem a l&#8217;assistenta social?<\/p>\n<\/div><\/section><\/div><div  class='flex_column av-av_two_fifth-1c6948e4a8954d4cbf350c3f36caf50f av_two_fifth  avia-builder-el-16  el_after_av_three_fifth  el_before_av_one_full  flex_column_div av-animated-generic right-to-left  '     ><style type=\"text\/css\" data-created_by=\"avia_inline_auto\" id=\"style-css-av-av_image-93f0e19c2919414eca4749401bb3763e\">\n.avia-image-container.av-av_image-93f0e19c2919414eca4749401bb3763e img.avia_image{\nbox-shadow:none;\n}\n.avia-image-container.av-av_image-93f0e19c2919414eca4749401bb3763e .av-image-caption-overlay-center{\ncolor:#ffffff;\n}\n<\/style>\n<div  class='avia-image-container av-av_image-93f0e19c2919414eca4749401bb3763e av-styling- avia-align-left  avia-builder-el-17  avia-builder-el-no-sibling '   itemprop=\"image\" itemscope=\"itemscope\" itemtype=\"https:\/\/schema.org\/ImageObject\" ><div class=\"avia-image-container-inner\"><div class=\"avia-image-overlay-wrap\"><img decoding=\"async\" fetchpriority=\"high\" class='wp-image-4032 avia-img-lazy-loading-not-4032 avia_image ' src=\"https:\/\/rosasolapsicologia.com\/wp-content\/uploads\/2022\/07\/i-4K9FghW-XL.jpg\" alt='Estimulaci\u00f3 cognitiva' title='Psicologia a Menorca \u2013 Psicologia en l\u00ednea'  height=\"683\" width=\"1024\"  itemprop=\"thumbnailUrl\" srcset=\"https:\/\/rosasolapsicologia.com\/wp-content\/uploads\/2022\/07\/i-4K9FghW-XL.jpg 1024w, https:\/\/rosasolapsicologia.com\/wp-content\/uploads\/2022\/07\/i-4K9FghW-XL-300x200.jpg 300w, https:\/\/rosasolapsicologia.com\/wp-content\/uploads\/2022\/07\/i-4K9FghW-XL-768x512.jpg 768w, https:\/\/rosasolapsicologia.com\/wp-content\/uploads\/2022\/07\/i-4K9FghW-XL-705x470.jpg 705w\" sizes=\"(max-width: 1024px) 100vw, 1024px\" \/><\/div><\/div><\/div><\/div><div  class='flex_column av-av_one_full-8f43c3c2bfc059d5896a4092f5ede638 av_one_full  avia-builder-el-18  el_after_av_two_fifth  avia-builder-el-last  first flex_column_div av-animated-generic top-to-bottom  '     ><section  class='av_textblock_section av-av_textblock-e878f05c31dff72941bf1e49a00d9ff5 '   itemscope=\"itemscope\" itemtype=\"https:\/\/schema.org\/CreativeWork\" ><div class='avia_textblock'  itemprop=\"text\" ><p>La situaci\u00f3 \u00e9s confusa i els processos de decisi\u00f3 s\u00f3n lents. Per no parlar de les <strong>interminables llistes d&#8217;espera dels recursos p\u00fablics<\/strong>, com centres de dia o resid\u00e8ncies.<\/p>\n<p>El temps passa i <strong>l&#8217;arribada de solucions s&#8217;eternitza.<\/strong><\/p>\n<p>Necessites ordre, planificaci\u00f3 i orientaci\u00f3 professional per <strong>aconseguir un dia a dia sense complicacions i una vida sense angoixa.<\/strong><\/p>\n<\/div><\/section><\/div><\/div><\/div><\/div><!-- close content main div --><\/div><\/div><div id='av_section_3'  class='avia-section av-1yc0jz3-759d39cb9ba3e94791f5c819b3001a8c alternate_color avia-section-default avia-no-border-styling  avia-builder-el-20  el_after_av_section  el_before_av_section  avia-bg-style-scroll container_wrap fullsize'  ><div class='container av-section-cont-open' ><div class='template-page content  av-content-full alpha units'><div class='post-entry post-entry-type-page post-entry-4243'><div class='entry-content-wrapper clearfix'>\n<div  class='flex_column av-l5thdqtq-caf6533389a86488ddcef024e271d82e av_one_full  avia-builder-el-21  avia-builder-el-no-sibling  first flex_column_div av-animated-generic left-to-right  '     ><section  class='av_textblock_section av-14iq0bj-d77e2334b217a8fd7d37b0710a5b2701 '   itemscope=\"itemscope\" itemtype=\"https:\/\/schema.org\/CreativeWork\" ><div class='avia_textblock'  itemprop=\"text\" ><h3>En qu\u00e8 consisteix el servei de psicoestimulaci\u00f3?<\/h3>\n<\/div><\/section><br \/>\n\n<style type=\"text\/css\" data-created_by=\"avia_inline_auto\" id=\"style-css-av-12ni64f-86e5df5c77d6f4f3f4e32c666f770c52\">\n#top .hr.hr-invisible.av-12ni64f-86e5df5c77d6f4f3f4e32c666f770c52{\nheight:40px;\n}\n<\/style>\n<div  class='hr av-12ni64f-86e5df5c77d6f4f3f4e32c666f770c52 hr-invisible  avia-builder-el-23  el_after_av_textblock  el_before_av_textblock '><span class='hr-inner '><span class=\"hr-inner-style\"><\/span><\/span><\/div><br \/>\n<section  class='av_textblock_section av-l5meqi8o-c3ea08f30c6fcb7d075322a6e1d89520 '   itemscope=\"itemscope\" itemtype=\"https:\/\/schema.org\/CreativeWork\" ><div class='avia_textblock'  itemprop=\"text\" ><p>Pots estar vivint alguna d&#8217;aquestes 2 situacions:<\/p>\n<\/div><\/section><br \/>\n<div  class='avia-table av-ci0zsv-24d0d90a0005eeef2a612c6bacc8e403 main_color avia-pricing-table-container avia_pricing_default  avia-builder-el-25  el_after_av_textblock  avia-builder-el-last  avia-table-1'  itemscope=\"itemscope\" itemtype=\"https:\/\/schema.org\/Table\" ><div class=\"pricing-table-wrap\"><ul class='pricing-table '><li class='avia-heading-row'><div class='first-table-item'>Et sents insegura a causa de les teves limitacions f\u00edsiques o cognitives i et dius:<\/div><span class='pricing-extra'><\/span><\/li><li class=''>no surto a passejar perqu\u00e8 puc caure; no cuino perqu\u00e8: i si m&#8217;oblido la paella al foc?; no vull quedar amb els meus amics perqu\u00e8 veuran que em falla el cap\u2026<\/li><\/ul><\/div><div class=\"pricing-table-wrap\"><ul class='pricing-table '><li class='avia-heading-row'><div class='first-table-item'>Ets cuidador d&#8217;una persona dependent i dius:<\/div><span class='pricing-extra'><\/span><\/li><li class=''>no surtis de casa sol que pots tenir un accident, no pelis les patates que vas molt lenta, no reguis les plantes que mulles el terra i pots relliscar\u2026<\/li><\/ul><\/div><\/div><\/p><\/div>\n<\/p>\n<\/div><\/div><\/div><!-- close content main div --><\/div><\/div>\n<style type=\"text\/css\" data-created_by=\"avia_inline_auto\" id=\"style-css-av-l5mogixl-7bcd0595cff325e91271e8eba2e38c78\">\n.avia-section.av-l5mogixl-7bcd0595cff325e91271e8eba2e38c78{\nbackground-color:rgba(190,190,0,0.1);\nbackground-image:unset;\n}\n<\/style>\n<div id='av_section_4'  class='avia-section av-l5mogixl-7bcd0595cff325e91271e8eba2e38c78 main_color avia-section-default avia-no-border-styling  avia-builder-el-26  el_after_av_section  el_before_av_section  avia-bg-style-scroll container_wrap fullsize'  ><div class='container av-section-cont-open' ><div class='template-page content  av-content-full alpha units'><div class='post-entry post-entry-type-page post-entry-4243'><div class='entry-content-wrapper clearfix'>\n<div  class='flex_column av-l5thedpi-a44004e4ae9737459db473a59cdc7f1b av_one_full  avia-builder-el-27  avia-builder-el-no-sibling  first flex_column_div av-animated-generic right-to-left  '     ><style type=\"text\/css\" data-created_by=\"avia_inline_auto\" id=\"style-css-av-l5moh6xs-549dc92f02c9e2a3a40327a4431ed646\">\n#top .av_textblock_section.av-l5moh6xs-549dc92f02c9e2a3a40327a4431ed646 .avia_textblock{\ncolor:#bebe00;\n}\n<\/style>\n<section  class='av_textblock_section av-l5moh6xs-549dc92f02c9e2a3a40327a4431ed646 '   itemscope=\"itemscope\" itemtype=\"https:\/\/schema.org\/CreativeWork\" ><div class='avia_textblock av_inherit_color'  itemprop=\"text\" ><h3 style=\"text-align: center;\">Evitar activitats no \u00e9s una soluci\u00f3, m\u00e9s aviat \u00e9s un problema que enfosqueix la vida de les persones.<\/h3>\n<\/div><\/section><\/div>\n\n<\/div><\/div><\/div><!-- close content main div --><\/div><\/div><div id='av_section_5'  class='avia-section av-169m8nz-82266bb69c367be4299a9da7ed46dc04 main_color avia-section-default avia-no-border-styling  avia-builder-el-29  el_after_av_section  el_before_av_section  avia-bg-style-scroll container_wrap fullsize'  ><div class='container av-section-cont-open' ><div class='template-page content  av-content-full alpha units'><div class='post-entry post-entry-type-page post-entry-4243'><div class='entry-content-wrapper clearfix'>\n<div  class='flex_column av-117wyjz-bf83f390659941f8502f4993ce0c685b av_one_full  avia-builder-el-30  el_before_av_one_fifth  avia-builder-el-first  first flex_column_div av-animated-generic bottom-to-top  '     ><section  class='av_textblock_section av-3l3a5r-f44553d5e0725aaf4414288b1e26962f '   itemscope=\"itemscope\" itemtype=\"https:\/\/schema.org\/CreativeWork\" ><div class='avia_textblock'  itemprop=\"text\" ><p>Amb el meu servei et proposo una <strong>intervenci\u00f3 terap\u00e8utica i pr\u00e0ctica per aconseguir objectius realistes i millorar la teva autonomia o la del teu familiar..<\/strong><\/p>\n<\/div><\/section><\/div><div  class='flex_column av-j0aumn-43cf112bb9f42975114733d949d55a66 av_one_fifth  avia-builder-el-32  el_after_av_one_full  el_before_av_three_fifth  first flex_column_div av-animated-generic bottom-to-top  column-top-margin'     ><\/div><div  class='flex_column av-hgplvj-54ff5fae493119ed345e17fc31f206f1 av_three_fifth  avia-builder-el-33  el_after_av_one_fifth  el_before_av_one_fifth  flex_column_div av-animated-generic bottom-to-top  column-top-margin'     ><section  class='av_textblock_section av-l5wadh11-8b8eecd057d5998dda1f6b87faa0898d '   itemscope=\"itemscope\" itemtype=\"https:\/\/schema.org\/CreativeWork\" ><div class='avia_textblock'  itemprop=\"text\" ><p style=\"text-align: left;\">La intervenci\u00f3 es divideix en <strong>5 fases:<\/strong><\/p>\n<\/div><\/section><br \/>\n<div  class='avia-icon-list-container av-g3aey7-8e44915b76da8793c99db07556ea4c55  avia-builder-el-35  el_after_av_textblock  avia-builder-el-last '><ul class='avia-icon-list avia_animate_when_almost_visible avia-icon-list-left av-iconlist-big av-g3aey7-8e44915b76da8793c99db07556ea4c55 avia-iconlist-animate'>\n<li><div class='iconlist_icon av-dokmov-5628d4aec0bad65fc95fe79d59a5c110 avia-font-entypo-fontello'><span class='iconlist-char' aria-hidden='true' data-av_icon='\ue812' data-av_iconfont='entypo-fontello'><\/span><\/div><article class=\"article-icon-entry \"  itemscope=\"itemscope\" itemtype=\"https:\/\/schema.org\/CreativeWork\" ><div class=\"iconlist_content_wrap\"><header class=\"entry-content-header\"><h4 class='av_iconlist_title iconlist_title  '  itemprop=\"headline\" >Avaluaci\u00f3 inicial:<\/h4><\/header><div class='iconlist_content '  itemprop=\"text\" ><p>En aquesta primera fase et demano (pacient) o us demano (pacient i cuidador) informaci\u00f3 per determinar quins objectius d&#8217;autonomia desitges (pacient) o desitgeu (pacient i cuidador) assolir i de quins recursos disposem.<\/p>\n<\/div><\/div><footer class=\"entry-footer\"><\/footer><\/article><div class=\"iconlist-timeline\"><\/div><\/li>\n<li><div class='iconlist_icon av-bu65lb-83a89aab34f9902f47ffb819fdf699c3 avia-font-entypo-fontello'><span class='iconlist-char' aria-hidden='true' data-av_icon='\ue812' data-av_iconfont='entypo-fontello'><\/span><\/div><article class=\"article-icon-entry \"  itemscope=\"itemscope\" itemtype=\"https:\/\/schema.org\/CreativeWork\" ><div class=\"iconlist_content_wrap\"><header class=\"entry-content-header\"><h4 class='av_iconlist_title iconlist_title  '  itemprop=\"headline\" >Exploraci\u00f3 neuropsicol\u00f2gica:<\/h4><\/header><div class='iconlist_content '  itemprop=\"text\" ><p>Una entrevista i alguns tests m&#8217;ajuden a avaluar la capacitat per processar la informaci\u00f3, les emocions i la conducta de la persona dependent i saber quins d\u00e8ficits cal resoldre per assolir els prop\u00f2sits d&#8217;autonomia desitjats.<\/p>\n<\/div><\/div><footer class=\"entry-footer\"><\/footer><\/article><div class=\"iconlist-timeline\"><\/div><\/li>\n<li><div class='iconlist_icon av-12rtov-5e1409995fc3c2becdcc9ade1c862046 avia-font-entypo-fontello'><span class='iconlist-char' aria-hidden='true' data-av_icon='\ue812' data-av_iconfont='entypo-fontello'><\/span><\/div><article class=\"article-icon-entry \"  itemscope=\"itemscope\" itemtype=\"https:\/\/schema.org\/CreativeWork\" ><div class=\"iconlist_content_wrap\"><header class=\"entry-content-header\"><h4 class='av_iconlist_title iconlist_title  '  itemprop=\"headline\" >Objectius i pla:<\/h4><\/header><div class='iconlist_content '  itemprop=\"text\" ><p>Definim metes raonables i realistes (tenint en compte l&#8217;avaluaci\u00f3 inicial i l&#8217;exploraci\u00f3 neuropsicol\u00f2gica) i establim un pla d&#8217;intervenci\u00f3 (que sempre requereix la cooperaci\u00f3 de la fam\u00edlia) per obtenir aquestes metes.<\/p>\n<\/div><\/div><footer class=\"entry-footer\"><\/footer><\/article><div class=\"iconlist-timeline\"><\/div><\/li>\n<li><div class='iconlist_icon av-9t8c9r-e6d8c5771f7c87bd1acb276735ca2744 avia-font-entypo-fontello'><span class='iconlist-char' aria-hidden='true' data-av_icon='\ue812' data-av_iconfont='entypo-fontello'><\/span><\/div><article class=\"article-icon-entry \"  itemscope=\"itemscope\" itemtype=\"https:\/\/schema.org\/CreativeWork\" ><div class=\"iconlist_content_wrap\"><header class=\"entry-content-header\"><h4 class='av_iconlist_title iconlist_title  '  itemprop=\"headline\" >Intervenci\u00f3<\/h4><\/header><div class='iconlist_content '  itemprop=\"text\" ><p>Amb els objectius clars, ens posem en acci\u00f3. Treballo la psicoestimulaci\u00f3 cognitiva amb la persona amb dificultats i dono pautes als familiars i als cuidadors per seguir amb l&#8217;estimulaci\u00f3 a casa. Tamb\u00e9 puc fer visites domicili\u00e0ries (si \u00e9s necessari) per establir canvis a la llar que millorin l&#8217;autonomia.<\/p>\n<\/div><\/div><footer class=\"entry-footer\"><\/footer><\/article><div class=\"iconlist-timeline\"><\/div><\/li>\n<li><div class='iconlist_icon av-toypr-63239d1aeaf61a4e4ba87a79753d506b avia-font-entypo-fontello'><span class='iconlist-char' aria-hidden='true' data-av_icon='\ue812' data-av_iconfont='entypo-fontello'><\/span><\/div><article class=\"article-icon-entry \"  itemscope=\"itemscope\" itemtype=\"https:\/\/schema.org\/CreativeWork\" ><div class=\"iconlist_content_wrap\"><header class=\"entry-content-header\"><h4 class='av_iconlist_title iconlist_title  '  itemprop=\"headline\" >Seguiment<\/h4><\/header><div class='iconlist_content '  itemprop=\"text\" ><p>Una vegada hem posat \u00abordre al caos\u00bb i tots us heu implicat en el proc\u00e9s (pacient i fam\u00edlia en el paper de coterapeuta) superviso el pla per veure si necessita ajustos; nom\u00e9s de manera espor\u00e0dica i si ho considereu oport\u00fa perqu\u00e8 hi ha hagut canvis.<\/p>\n<\/div><\/div><footer class=\"entry-footer\"><\/footer><\/article><div class=\"iconlist-timeline\"><\/div><\/li>\n<\/ul><\/div><\/p><\/div><div  class='flex_column av-6g1k33-afcd77db2ba06adf289c1fba8382b620 av_one_fifth  avia-builder-el-36  el_after_av_three_fifth  el_before_av_one_full  flex_column_div av-animated-generic bottom-to-top  column-top-margin'     ><\/div><div  class='flex_column av-4fij67-75b9bbb2c18a635ea94f6c55dcaadc23 av_one_full  avia-builder-el-37  el_after_av_one_fifth  el_before_av_two_fifth  first flex_column_div av-animated-generic bottom-to-top  column-top-margin'     ><section  class='av_textblock_section av-369dhb-da59bfe4f431011b4972de6b22f2ad05 '   itemscope=\"itemscope\" itemtype=\"https:\/\/schema.org\/CreativeWork\" ><div class='avia_textblock'  itemprop=\"text\" ><p><strong>Cada intervenci\u00f3 \u00e9s personalitzada<\/strong> i en algun moment del proc\u00e9s puc recomanar la intervenci\u00f3 d&#8217;un altre especialista, com un terapeuta ocupacional o un fisioterapeuta, <strong>per poder aconseguir els objectius del pla.<\/strong><\/p>\n<\/div><\/section><\/div><div  class='flex_column av-3s34in-a4e5e3fc2288ba5cf0f32d86f9392bda av_two_fifth  avia-builder-el-39  el_after_av_one_full  el_before_av_three_fifth  first flex_column_div av-animated-generic left-to-right  column-top-margin'     ><section  class='av_textblock_section av-l5mopsfa-00100d906b1dd7291220a62344a07ff2 '   itemscope=\"itemscope\" itemtype=\"https:\/\/schema.org\/CreativeWork\" ><div class='avia_textblock'  itemprop=\"text\" ><p>Tant si desitges <strong>alentir l&#8217;evoluci\u00f3 de la teva malaltia degenerativa<\/strong> per <strong>mantenir la teva autonomia<\/strong>, com si desitges que <strong>la vida de la persona que cuides<\/strong>, i la teva, sigui <strong>m\u00e9s senzilla i feli\u00e7<\/strong>, el meu servei de psicoestimulaci\u00f3 pot ajudar-te.<\/p>\n<\/div><\/section><\/div>\n<style type=\"text\/css\" data-created_by=\"avia_inline_auto\" id=\"style-css-av-23nubz-443cbe22b9385c16276041f5ff80be3b\">\n.flex_column.av-23nubz-443cbe22b9385c16276041f5ff80be3b{\nborder-width:3px;\nborder-color:#bebe00;\nborder-style:solid;\nborder-radius:15px 15px 15px 15px;\npadding:5% 5% 5% 5%;\n}\n<\/style>\n<div  class='flex_column av-23nubz-443cbe22b9385c16276041f5ff80be3b av_three_fifth  avia-builder-el-41  el_after_av_two_fifth  avia-builder-el-last  flex_column_div av-animated-generic right-to-left  column-top-margin'     ><style type=\"text\/css\" data-created_by=\"avia_inline_auto\" id=\"style-css-av-l5mop6tb-012071ae9738bf39bb677d4d64a271b9\">\n#top .av_textblock_section.av-l5mop6tb-012071ae9738bf39bb677d4d64a271b9 .avia_textblock{\ncolor:#bebe00;\n}\n<\/style>\n<section  class='av_textblock_section av-l5mop6tb-012071ae9738bf39bb677d4d64a271b9 '   itemscope=\"itemscope\" itemtype=\"https:\/\/schema.org\/CreativeWork\" ><div class='avia_textblock av_inherit_color'  itemprop=\"text\" ><h3 style=\"text-align: center;\">No es tracta de fer miracles, sin\u00f3 de posar en marxa tots els recursos per adaptar la vida di\u00e0ria a les limitacions f\u00edsiques i\/o cognitives de manera digna, individual i segura.<\/h3>\n<\/div><\/section><\/div>\n\n<\/div><\/div><\/div><!-- close content main div --><\/div><\/div><div id='av_section_6'  class='avia-section av-b3lhr-4871f0dddf9593e80f1a80cc45dd0a59 alternate_color avia-section-default avia-no-border-styling  avia-builder-el-43  el_after_av_section  el_before_av_section  avia-bg-style-scroll container_wrap fullsize'  ><div class='container av-section-cont-open' ><div class='template-page content  av-content-full alpha units'><div class='post-entry post-entry-type-page post-entry-4243'><div class='entry-content-wrapper clearfix'>\n<div  class='flex_column av-sti1jj-78b34a786b6729a13af7967eeb8c4e52 av_one_fourth  avia-builder-el-44  el_before_av_one_half  avia-builder-el-first  first flex_column_div  '     ><\/div><div  class='flex_column av-s3btsf-f71617a21f32da33b49b98847167f5fc av_one_half  avia-builder-el-45  el_after_av_one_fourth  el_before_av_one_fourth  flex_column_div av-animated-generic top-to-bottom  '     ><p><article  class='iconbox iconbox_top av-qd7gj3-1dfb02a98773696d60b78495a12b7bf3  avia-builder-el-46  el_before_av_button_big  avia-builder-el-no-sibling  main_color'  itemscope=\"itemscope\" itemtype=\"https:\/\/schema.org\/CreativeWork\" ><div class=\"iconbox_content\"><header class=\"entry-content-header\"><div class=\"iconbox_icon heading-color\" aria-hidden='true' data-av_icon='\ue81f' data-av_iconfont='entypo-fontello'><\/div><\/header><div class='iconbox_content_container '  itemprop=\"text\" ><p><strong>Sessions individuals a consulta:<\/strong> 60\u20ac\/hora<\/p>\n<p><strong>Sessions a domicili (Menorca):<\/strong> 80\u20ac\/hora<\/p>\n<\/div><\/div><footer class=\"entry-footer\"><\/footer><\/article><br \/>\n<div  class='avia-button-wrap avia-button-center  avia-builder-el-47  el_after_av_icon_box  avia-builder-el-last '>\n<style type=\"text\/css\" data-created_by=\"avia_inline_auto\" id=\"style-css-av-o4av4v-a2f7ecc553591638482d2e24ca507cb5\">\n#top #wrap_all .avia-button.av-o4av4v-a2f7ecc553591638482d2e24ca507cb5:hover{\ncolor:white;\ntransition:all 0.4s ease-in-out;\n}\n<\/style>\n<a href='https:\/\/rosasolapsicologia.com\/ca\/contacte\/' class='avia-color-theme-color avia-font-color-theme-color avia-button avia-button-fullwidth av-o4av4v-a2f7ecc553591638482d2e24ca507cb5 avia-icon_select-no avia-color-theme-color'  ><span class='avia_iconbox_title' >Contacta amb mi i parlem<\/span><span class='avia_button_background avia-button avia-button-fullwidth avia-color-theme-color-highlight'><\/span><\/a><\/div><\/p><\/div><div  class='flex_column av-m0nqq7-9b6804989d78cce3b87b323e76a2d877 av_one_fourth  avia-builder-el-48  el_after_av_one_half  avia-builder-el-last  flex_column_div  '     ><\/div>\n\n<\/div><\/div><\/div><!-- close content main div --><\/div><\/div><div id='av_section_7'  class='avia-section av-l06xxb-7b73b007da7b48342f9c8bbb7dd40288 main_color avia-section-default avia-no-border-styling  avia-builder-el-49  el_after_av_section  el_before_av_section  avia-bg-style-scroll container_wrap fullsize'  ><div class='container av-section-cont-open' ><div class='template-page content  av-content-full alpha units'><div class='post-entry post-entry-type-page post-entry-4243'><div class='entry-content-wrapper clearfix'>\n<div  class='flex_column av-l5thh27a-4b6511b8c4704123b574f31375c58cad av_one_full  avia-builder-el-50  avia-builder-el-no-sibling  first flex_column_div av-animated-generic bottom-to-top  '     ><div class='avia-data-table-wrap av-2gi5un-94b84ef2a4efb2c4855c28b01dec11c9 avia_responsive_table avia-table-2'><table  class='avia-table avia-data-table avia_pricing_default  avia-builder-el-51  avia-builder-el-no-sibling '  itemscope=\"itemscope\" itemtype=\"https:\/\/schema.org\/Table\" ><tbody><tr class='avia-heading-row'><th class=''>Aquest servei \u00e9s per a tu si\u2026<\/th><th class=''>Aquest servei no \u00e9s per a tu si\u2026<\/th><\/tr><tr class=''><td class=''>Desitges implicar-te en els canvis i activitats proposats en el pla que tracem per aconseguir metes realistes que et portin a tu o al teu familiar a una vida m\u00e9s aut\u00f2noma.<\/td><td class=''>No est\u00e0s disposada a invertir temps en les activitats de psicoestimulaci\u00f3 a casa ni a participar en els canvis proposats per a tu o per al teu familiar.<\/td><\/tr><tr class=''><td class=''>Acudeixes a mi de manera volunt\u00e0ria per millorar la teva qualitat de vida o la qualitat de vida de la persona a la qual cuides.<\/td><td class=''>Obligues la persona que cuides (pare\/mare\/marit\/esposa) a treballar amb mi en contra de la seva voluntat perqu\u00e8 cre\u00efs que \u00e9s &#8220;el millor per a ell\/ella&#8221;; jo treballo amb persones que prenen les decisions amb llibertat. <\/td><\/tr><tr class=''><td class=''>Ets conscient que actuem a contrarellotge, perqu\u00e8 encara que s&#8217;obtinguin \u00abvict\u00f2ries\u00bb gr\u00e0cies al pla d&#8217;acci\u00f3 i a la psicoestimulaci\u00f3, la malaltia cada dia treballa en la nostra contra.<\/td><td class=''>Creus que el pla d&#8217;acci\u00f3 i la psicoestimulaci\u00f3 \u00e9s una soluci\u00f3 definitiva als problemes f\u00edsics i cognitius teus o del teu familiar.<\/td><\/tr><\/tbody><\/table><\/div><style type='text\/css'>.avia-table-2 td:nth-of-type(1):before { content: 'Aquest servei \u00e9s per a tu si\u2026'; } .avia-table-2 td:nth-of-type(2):before { content: 'Aquest servei no \u00e9s per a tu si\u2026'; } <\/style><\/div>\n\n<\/div><\/div><\/div><!-- close content main div --><\/div><\/div><div id='av_section_8'  class='avia-section av-l5mosh58-75edd70b94e67ca7680575ec58fceb1a alternate_color avia-section-default avia-no-border-styling  avia-builder-el-52  el_after_av_section  avia-builder-el-last  avia-bg-style-scroll container_wrap fullsize'  ><div class='container av-section-cont-open' ><div class='template-page content  av-content-full alpha units'><div class='post-entry post-entry-type-page post-entry-4243'><div class='entry-content-wrapper clearfix'>\n<div  class='flex_column av-l5thhor5-87876942933161bfd5169865b8d89bca av_one_full  avia-builder-el-53  avia-builder-el-no-sibling  first flex_column_div av-animated-generic left-to-right  '     ><section  class='av_textblock_section av-l5mow14d-dc583b2a0ac93c360d497a9547d59f2f '   itemscope=\"itemscope\" itemtype=\"https:\/\/schema.org\/CreativeWork\" ><div class='avia_textblock'  itemprop=\"text\" ><h3 style=\"text-align: center;\">Preguntes freq\u00fcents que resolen dubtes<\/h3>\n<p style=\"text-align: center;\">Si despr\u00e9s de llegir-les encara tens alguna q\u00fcesti\u00f3, <a href=\"https:\/\/rosasolapsicologia.com\/ca\/contacte\/\">contacta amb mi.<\/a><\/p>\n<\/div><\/section><br \/>\n\n<style type=\"text\/css\" data-created_by=\"avia_inline_auto\" id=\"style-css-av-27sszj-131abf930b8c3ad8199313ba85ac3105\">\n#top .hr.hr-invisible.av-27sszj-131abf930b8c3ad8199313ba85ac3105{\nheight:40px;\n}\n<\/style>\n<div  class='hr av-27sszj-131abf930b8c3ad8199313ba85ac3105 hr-invisible  avia-builder-el-55  el_after_av_textblock  el_before_av_toggle_container '><span class='hr-inner '><span class=\"hr-inner-style\"><\/span><\/span><\/div><br \/>\n<div  class='togglecontainer av-l5mp5kwf-1f2016d423e6d1313ea827cc3b56c9f5  avia-builder-el-56  el_after_av_hr  avia-builder-el-last  toggle_close_all' >\n<section class='av_toggle_section av-l5moy0al-32829d80c4631bcba01301c8aa33cbdf'  itemscope=\"itemscope\" itemtype=\"https:\/\/schema.org\/CreativeWork\" ><div role=\"tablist\" class=\"single_toggle\" data-tags=\"{All} \"  ><p data-fake-id='#toggle-id-1' class='toggler   '  itemprop=\"headline\"  role='tab' tabindex='0' aria-controls='toggle-id-1'>On realitzes el servei?<span class=\"toggle_icon\"><span class=\"vert_icon\"><\/span><span class=\"hor_icon\"><\/span><\/span><\/p><div id='toggle-id-1' class='toggle_wrap  '  ><div class='toggle_content invers-color '  itemprop=\"text\" ><p>Aquest servei \u00e9s presencial i nom\u00e9s l&#8217;ofereixo a residents a Menorca.<strong><br \/>\n<\/strong><\/p>\n<p>Les sessions d&#8217;avaluaci\u00f3 inicial, sempre que \u00e9s possible, les faig a la <a href=\"https:\/\/rosasolapsicologia.com\/ca\/contacte\/\">meva consulta<\/a>, aix\u00ed es redueixen les distraccions i els condicionants ambientals que pot haver-hi a casa.<\/p>\n<p>Abans de la nostra primera trobada mantinc una xerrada telef\u00f2nica amb el pacient i li explico de manera detallada com ser\u00e0 la nostra trobada; \u00e9s la manera de reduir l&#8217;ansietat que pot generar \u00aball\u00f2 desconegut\u00bb i de resoldre els seus dubtes.<\/p>\n<p>Algunes de les sessions d&#8217;intervenci\u00f3, depenent del cas i del pla tra\u00e7at, les duc a terme en el domicili particular del pacient.<\/p>\n<\/div><\/div><\/div><\/section>\n<section class='av_toggle_section av-l5mozx9c-e33df5687b904eae241d388798597daf'  itemscope=\"itemscope\" itemtype=\"https:\/\/schema.org\/CreativeWork\" ><div role=\"tablist\" class=\"single_toggle\" data-tags=\"{All} \"  ><p data-fake-id='#toggle-id-2' class='toggler   '  itemprop=\"headline\"  role='tab' tabindex='0' aria-controls='toggle-id-2'>Quantes sessions inclou el servei complet?<span class=\"toggle_icon\"><span class=\"vert_icon\"><\/span><span class=\"hor_icon\"><\/span><\/span><\/p><div id='toggle-id-2' class='toggle_wrap  '  ><div class='toggle_content invers-color '  itemprop=\"text\" ><p>Dep\u00e8n de cada cas.<\/p>\n<p>Hi ha unes sessions m\u00ednimes per poder fer l&#8217;avaluaci\u00f3 inicial i l&#8217;elaboraci\u00f3 del pla i dels objectius.<\/p>\n<p>Despr\u00e9s, les sessions de psicoestimulaci\u00f3 variaran en funci\u00f3 dels prop\u00f2sits marcats i de la implicaci\u00f3 de la fam\u00edlia.<\/p>\n<p>Una vegada s&#8217;han establert les rutines i les accions, la intervenci\u00f3 terap\u00e8utica per part meva nom\u00e9s ser\u00e0 necess\u00e0ria si cal fer reajustaments per la mateixa evoluci\u00f3 de la malaltia.<\/p>\n<p>Recorda que si ets la cuidadora principal, comptes amb els meus <a href=\"https:\/\/rosasolapsicologia.com\/ca\/grups-terapeutics\/\">grups terap\u00e8utics de suport<\/a> o el meu <a href=\"https:\/\/rosasolapsicologia.com\/ca\/terapia-psicologica\/\">servei de psicoter\u00e0pia<\/a>; dues maneres de fer m\u00e9s suportable la teva labor i que no et passi factura f\u00edsica i\/o psicol\u00f2gica.<\/p>\n<\/div><\/div><\/div><\/section>\n<section class='av_toggle_section av-l5mp114b-eb6aa67f2a73633050ac60593c5d723c'  itemscope=\"itemscope\" itemtype=\"https:\/\/schema.org\/CreativeWork\" ><div role=\"tablist\" class=\"single_toggle\" data-tags=\"{All} \"  ><p data-fake-id='#toggle-id-3' class='toggler   '  itemprop=\"headline\"  role='tab' tabindex='0' aria-controls='toggle-id-3'>En qu\u00e8 consisteix exactament l\u2019avaluaci\u00f3 inicial?<span class=\"toggle_icon\"><span class=\"vert_icon\"><\/span><span class=\"hor_icon\"><\/span><\/span><\/p><div id='toggle-id-3' class='toggle_wrap  '  ><div class='toggle_content invers-color '  itemprop=\"text\" ><p>L&#8217;avaluaci\u00f3 inicial consta d&#8217;una primera sessi\u00f3 (60 minuts) en la qual:<\/p>\n<ul>\n<li>Valoro qu\u00e8 desitja el pacient i\/o el seu familiar (objectius).<\/li>\n<li>Reviso informes d&#8217;avaluacions pr\u00e8vies (per con\u00e8ixer l&#8217;estat f\u00edsic i cognitiu del pacient).<\/li>\n<li>Fixem dia per a la seg\u00fcent sessi\u00f3 (en la qual faig preguntes espec\u00edfiques per tractar el cas particular).<\/li>\n<\/ul>\n<p>En aquesta primera sessi\u00f3, si ets l&#8217;acompanyant, et convidar\u00e9 a passar a la sala d&#8217;espera mentre faig la valoraci\u00f3. No \u00e9s que no vulgui que vegis qu\u00e8 faig, sin\u00f3 que \u00e9s la forma que les respostes del pacient no estiguin condicionades per la pres\u00e8ncia d&#8217;una altra persona.<\/p>\n<p>En la segona sessi\u00f3 de l&#8217;avaluaci\u00f3 inicial (60-90 minuts) realitzo una anamnesi. El nom sona estrany, per\u00f2 no \u00e9s una altra cosa que una valoraci\u00f3 per esbrinar qu\u00e8 \u00e9s important per al pacient i establir aix\u00ed les metes per tra\u00e7ar el pla d&#8217;acci\u00f3.<\/p>\n<p>Les preguntes s\u00f3n variades i m&#8217;ajuden a entendre:<\/p>\n<ul>\n<li>La hist\u00f2ria de vida del pacient (el seu rol en la fam\u00edlia, vida professional, morts, nivell cultural i d&#8217;estudis\u2026)<\/li>\n<li>El seu estat f\u00edsic (estat dels \u00f2rgans i dels sentits, nivell d&#8217;energia\u2026)<\/li>\n<li>El seu estat emocional (sentiments com la solitud, la insatisfacci\u00f3, la r\u00e0bia, la impot\u00e8ncia, la solitud&#8230;)<\/li>\n<\/ul>\n<p>Tots aquests aspectes s\u00f3n importants, ja que condicionen la segona fase del proc\u00e9s: l&#8217;exploraci\u00f3 neuropsicol\u00f2gica.<\/p>\n<p>Tamb\u00e9 s\u00f3n dades essencials per a l&#8217;\u00faltima fase del proc\u00e9s: establir les activitats de psicoestimulaci\u00f3.<\/p>\n<p>Activitats que s\u00f3n sempre significatives i rellevants per a la persona que les realitza, perqu\u00e8 si proposo activitats que no interessen, es perd la motivaci\u00f3 i no s&#8217;avan\u00e7a cap a l&#8217;autonomia.<\/p>\n<\/div><\/div><\/div><\/section>\n<section class='av_toggle_section av-l5mp1rhm-5b43938c6ff8a67e2413b600290790aa'  itemscope=\"itemscope\" itemtype=\"https:\/\/schema.org\/CreativeWork\" ><div role=\"tablist\" class=\"single_toggle\" data-tags=\"{All} \"  ><p data-fake-id='#toggle-id-4' class='toggler   '  itemprop=\"headline\"  role='tab' tabindex='0' aria-controls='toggle-id-4'>Pots detallar en qu\u00e8 consisteix l\u2019exploraci\u00f3 neuropsicol\u00f2gica?<span class=\"toggle_icon\"><span class=\"vert_icon\"><\/span><span class=\"hor_icon\"><\/span><\/span><\/p><div id='toggle-id-4' class='toggle_wrap  '  ><div class='toggle_content invers-color '  itemprop=\"text\" ><p>L&#8217;exploraci\u00f3 neuropsicol\u00f2gica es basa en una entrevista, tests i proves psicol\u00f2giques que detecten d\u00e8ficits o alteracions en les funcions cognitives, emocionals i\/o conductuals del pacient.<\/p>\n<p>Perqu\u00e8 et facis una idea, es valora la capacitat per caminar, vestir-se, anar al bany, controlar els esf\u00ednters, manejar els diners o la medicaci\u00f3, fer activitats dom\u00e8stiques, utilitzar el transport, practicar &#8220;entreteniments&#8221;, planificar viatges, etc.<\/p>\n<p>L&#8217;exploraci\u00f3 es pot fer en 1 o 2 sessions; dep\u00e8n del ritme i la fatiga del pacient.<\/p>\n<\/div><\/div><\/div><\/section>\n<section class='av_toggle_section av-l5mp1rhm-15-952fe7e5b70ebd121692acc254e5838b'  itemscope=\"itemscope\" itemtype=\"https:\/\/schema.org\/CreativeWork\" ><div role=\"tablist\" class=\"single_toggle\" data-tags=\"{All} \"  ><p data-fake-id='#toggle-id-5' class='toggler   '  itemprop=\"headline\"  role='tab' tabindex='0' aria-controls='toggle-id-5'>Entregues un informe de l\u2019exploraci\u00f3 neuropsicol\u00f2gica del pacient?<span class=\"toggle_icon\"><span class=\"vert_icon\"><\/span><span class=\"hor_icon\"><\/span><\/span><\/p><div id='toggle-id-5' class='toggle_wrap  '  ><div class='toggle_content invers-color '  itemprop=\"text\" ><p>L&#8217;exploraci\u00f3 neuropsicol\u00f2gica que faig t\u00e9 com a \u00fanic fi establir els objectius d&#8217;intervenci\u00f3 terap\u00e8utica i no lliuro cap informe.<\/p>\n<p>En cas que necessitis un informe neuropsicol\u00f2gic per iniciar algun tr\u00e0mit administratiu, puc indicar-te algun professional que s\u00ed que es dedica a fer informes d&#8217;aquest tipus.<\/p>\n<\/div><\/div><\/div><\/section>\n<section class='av_toggle_section av-l5mp3aod-85838fdaa846456266abd8ca6fb61196'  itemscope=\"itemscope\" itemtype=\"https:\/\/schema.org\/CreativeWork\" ><div role=\"tablist\" class=\"single_toggle\" data-tags=\"{All} \"  ><p data-fake-id='#toggle-id-6' class='toggler   '  itemprop=\"headline\"  role='tab' tabindex='0' aria-controls='toggle-id-6'>Com \u00e9s el proc\u00e9s per establir objectius i el pla d\u2019intervenci\u00f3?<span class=\"toggle_icon\"><span class=\"vert_icon\"><\/span><span class=\"hor_icon\"><\/span><\/span><\/p><div id='toggle-id-6' class='toggle_wrap  '  ><div class='toggle_content invers-color '  itemprop=\"text\" ><p>En la fase d&#8217;objectius i pla d&#8217;intervenci\u00f3 ajudo el pacient a establir metes raonables i realistes.<\/p>\n<p>Raonables, perqu\u00e8 han de ser assolibles amb els recursos dels quals disposa; dins dels recursos incloc la cooperaci\u00f3 familiar i la del cuidador.<\/p>\n<p>I realistes perqu\u00e8 han d&#8217;estar dins de les seves possibilitats f\u00edsiques i cognitives.<\/p>\n<p>Una vegada hem establert qu\u00e8 es vol aconseguir, tra\u00e7o un pla a mesura per al pacient i passem a l&#8217;acci\u00f3.<\/p>\n<p>L&#8217;acci\u00f3 consisteix a dur a terme el pla amb:<\/p>\n<ul>\n<li>1-2 sessions\/setmana de psicoestimulaci\u00f3 (60 minuts\/sessi\u00f3).<\/li>\n<\/ul>\n<p>Les sessions poden ser a la meva consulta o a casa del pacient.<\/p>\n<\/div><\/div><\/div><\/section>\n<section class='av_toggle_section av-l5mp428a-69c1f14e8efd83b8a5f84b4d8cecad9e'  itemscope=\"itemscope\" itemtype=\"https:\/\/schema.org\/CreativeWork\" ><div role=\"tablist\" class=\"single_toggle\" data-tags=\"{All} \"  ><p data-fake-id='#toggle-id-7' class='toggler   '  itemprop=\"headline\"  role='tab' tabindex='0' aria-controls='toggle-id-7'>Qu\u00e8 treballes amb la psicoestimulaci\u00f3? <span class=\"toggle_icon\"><span class=\"vert_icon\"><\/span><span class=\"hor_icon\"><\/span><\/span><\/p><div id='toggle-id-7' class='toggle_wrap  '  ><div class='toggle_content invers-color '  itemprop=\"text\" ><ul>\n<li>Reminisc\u00e8ncia (afavoreix les relacions socials i la comunicaci\u00f3, refor\u00e7a l&#8217;autoestima, la identitat i aconsegueix millorar l&#8217;estat d&#8217;\u00e0nim)<\/li>\n<li>Orientaci\u00f3 en la realitat (activitats que treballen aspectes com la mem\u00f2ria, el llenguatge i l&#8217;orientaci\u00f3\u2026)<\/li>\n<li>Musicoter\u00e0pia (millora l&#8217;estat d&#8217;\u00e0nim, redueix l&#8217;ansietat, la depressi\u00f3, l&#8217;estr\u00e8s i l&#8217;agitaci\u00f3)<\/li>\n<li>Orientaci\u00f3 espacial i temporal (conjunt de t\u00e8cniques per prendre consci\u00e8ncia d&#8217;un mateix en el temps i l&#8217;espai)<\/li>\n<\/ul>\n<p>Tamb\u00e9 dono pautes als familiars i cuidadors per mantenir la psicoestimulaci\u00f3 fora de la meva consulta.<\/p>\n<p>Els objectius i les activitats es basen en un model d&#8217;atenci\u00f3 centrat en la persona (ACP), per tant, sempre s\u00f3n objectius desitjats pel pacient i activitats que li ve de gust fer per obtenir una millora en la seva autonomia.<\/p>\n<p>Si en algun punt del proc\u00e9s veig que la intervenci\u00f3 d&#8217;un altre especialista (terapeuta ocupacional, fisioterapeuta&#8230;) pot ajudar per avan\u00e7ar en el proc\u00e9s, ho proposo a la fam\u00edlia.<\/p>\n<\/div><\/div><\/div><\/section>\n<section class='av_toggle_section av-l5mp4wx8-6c1a7a12fab9cf83fdd71dfaf1dfd66d'  itemscope=\"itemscope\" itemtype=\"https:\/\/schema.org\/CreativeWork\" ><div role=\"tablist\" class=\"single_toggle\" data-tags=\"{All} \"  ><p data-fake-id='#toggle-id-8' class='toggler   '  itemprop=\"headline\"  role='tab' tabindex='0' aria-controls='toggle-id-8'>Amb quin material de psicoestimulaci\u00f3 treballes?<span class=\"toggle_icon\"><span class=\"vert_icon\"><\/span><span class=\"hor_icon\"><\/span><\/span><\/p><div id='toggle-id-8' class='toggle_wrap  '  ><div class='toggle_content invers-color '  itemprop=\"text\" ><p>Disposo de material de psicoestimulaci\u00f3 propi, el qual adapto a cada pacient i situaci\u00f3 per millorar les capacitats preservades de:<\/p>\n<ul>\n<li>Atenci\u00f3<\/li>\n<li>Percepci\u00f3<\/li>\n<li>Comprensi\u00f3<\/li>\n<li>Mem\u00f2ria<\/li>\n<li>Llenguatge<\/li>\n<li>Velocitat de processament<\/li>\n<li>Orientaci\u00f3<\/li>\n<li>C\u00e0lcul<\/li>\n<\/ul>\n<p>Utilitzo fitxes i quaderns, materials per estimular els canals sensorials i altres eines terap\u00e8utiques, depenent dels interessos i objectius establerts d&#8217;aquest pacient en q\u00fcesti\u00f3.<\/p>\n<p>Tot el material est\u00e0 disponible en catal\u00e0 i castell\u00e0.<\/p>\n<\/div><\/div><\/div><\/section>\n<section class='av_toggle_section av-l5mp5j0o-635b9ee6c67c331edc0fe8dc468ae2bc'  itemscope=\"itemscope\" itemtype=\"https:\/\/schema.org\/CreativeWork\" ><div role=\"tablist\" class=\"single_toggle\" data-tags=\"{All} \"  ><p data-fake-id='#toggle-id-9' class='toggler   '  itemprop=\"headline\"  role='tab' tabindex='0' aria-controls='toggle-id-9'>El meu familiar viu a una resid\u00e8ncia, per\u00f2 crec que el servei podria ajudar-lo: pots intervenir en aquests casos? <span class=\"toggle_icon\"><span class=\"vert_icon\"><\/span><span class=\"hor_icon\"><\/span><\/span><\/p><div id='toggle-id-9' class='toggle_wrap  '  ><div class='toggle_content invers-color '  itemprop=\"text\" ><p>M&#8217;adapto a la teva situaci\u00f3, tant si el teu familiar viu amb tu o a casa seva, com en un geri\u00e0tric o assisteix a un centre de dia.<\/p>\n<p>Miro la millor manera de coordinar-me perqu\u00e8 qualsevol persona que ho necessiti es benefici\u00ef de la psicoestimulaci\u00f3.<\/p>\n<p>De la mateixa manera que dono recursos i orientaci\u00f3 a qualsevol cuidador (ja siguis tu o una persona contractada) perqu\u00e8 segueixi amb la psicoestimulaci\u00f3 entre sessions.<\/p>\n<\/div><\/div><\/div><\/section>\n<\/div><\/p><\/div>\n\n","protected":false},"excerpt":{"rendered":"","protected":false},"author":1,"featured_media":4034,"parent":0,"menu_order":0,"comment_status":"closed","ping_status":"closed","template":"","meta":{"footnotes":""},"class_list":["post-4243","page","type-page","status-publish","has-post-thumbnail","hentry"],"_links":{"self":[{"href":"https:\/\/rosasolapsicologia.com\/ca\/wp-json\/wp\/v2\/pages\/4243","targetHints":{"allow":["GET"]}}],"collection":[{"href":"https:\/\/rosasolapsicologia.com\/ca\/wp-json\/wp\/v2\/pages"}],"about":[{"href":"https:\/\/rosasolapsicologia.com\/ca\/wp-json\/wp\/v2\/types\/page"}],"author":[{"embeddable":true,"href":"https:\/\/rosasolapsicologia.com\/ca\/wp-json\/wp\/v2\/users\/1"}],"replies":[{"embeddable":true,"href":"https:\/\/rosasolapsicologia.com\/ca\/wp-json\/wp\/v2\/comments?post=4243"}],"version-history":[{"count":10,"href":"https:\/\/rosasolapsicologia.com\/ca\/wp-json\/wp\/v2\/pages\/4243\/revisions"}],"predecessor-version":[{"id":4482,"href":"https:\/\/rosasolapsicologia.com\/ca\/wp-json\/wp\/v2\/pages\/4243\/revisions\/4482"}],"wp:featuredmedia":[{"embeddable":true,"href":"https:\/\/rosasolapsicologia.com\/ca\/wp-json\/wp\/v2\/media\/4034"}],"wp:attachment":[{"href":"https:\/\/rosasolapsicologia.com\/ca\/wp-json\/wp\/v2\/media?parent=4243"}],"curies":[{"name":"wp","href":"https:\/\/api.w.org\/{rel}","templated":true}]}}